{"id":15549,"date":"2020-04-26T17:03:16","date_gmt":"2020-04-26T15:03:16","guid":{"rendered":"https:\/\/softlinefurniture.com\/events-messer\/"},"modified":"2026-03-25T09:03:18","modified_gmt":"2026-03-25T08:03:18","slug":"events-messer","status":"publish","type":"page","link":"https:\/\/softlinefurniture.com\/da\/events-messer\/","title":{"rendered":"Events \/ Messer"},"content":{"rendered":"\t\t<div data-elementor-type=\"wp-page\" data-elementor-id=\"15549\" class=\"elementor elementor-15549 elementor-36\" data-elementor-post-type=\"page\">\n\t\t\t\t\t\t<section data-particle_enable=\"false\" data-particle-mobile-disabled=\"false\" class=\"elementor-section elementor-top-section elementor-element elementor-element-4f9f7669 elementor-section-full_width elementor-section-height-min-height elementor-section-items-bottom no-lazy elementor-section-height-default\" data-id=\"4f9f7669\" data-element_type=\"section\" data-e-type=\"section\" data-settings=\"{&quot;background_background&quot;:&quot;video&quot;,&quot;background_video_link&quot;:&quot;https:\\\/\\\/vimeo.com\\\/1176832574?fl=tl&amp;fe=ec&quot;}\" data-no-lazy=\"1\" loading=\"eager\">\n\t\t\t\t\t\t\t\t<div class=\"elementor-background-video-container elementor-hidden-mobile\">\n\t\t\t\t\t\t\t\t\t\t\t\t\t<div class=\"elementor-background-video-embed\" role=\"presentation\"><\/div>\n\t\t\t\t\t\t\t\t\t\t\t\t<\/div>\n\t\t\t\t\t\t\t\t<div class=\"elementor-container elementor-column-gap-default\">\n\t\t\t\t\t<div class=\"elementor-column elementor-col-100 elementor-top-column elementor-element elementor-element-6c8ee621\" data-id=\"6c8ee621\" data-element_type=\"column\" data-e-type=\"column\">\n\t\t\t<div class=\"elementor-widget-wrap elementor-element-populated\">\n\t\t\t\t\t\t<div class=\"elementor-element elementor-element-38ac649 elementor-widget elementor-widget-heading\" data-id=\"38ac649\" data-element_type=\"widget\" data-e-type=\"widget\" data-widget_type=\"heading.default\">\n\t\t\t\t\t<h1 class=\"elementor-heading-title elementor-size-default\">Events \/ Messer<\/h1>\t\t\t\t<\/div>\n\t\t\t\t\t<\/div>\n\t\t<\/div>\n\t\t\t\t\t<\/div>\n\t\t<\/section>\n\t\t\t\t<section data-particle_enable=\"false\" data-particle-mobile-disabled=\"false\" class=\"elementor-section elementor-top-section elementor-element elementor-element-69459110 elementor-section-boxed elementor-section-height-default elementor-section-height-default\" data-id=\"69459110\" data-element_type=\"section\" data-e-type=\"section\">\n\t\t\t\t\t\t<div class=\"elementor-container elementor-column-gap-default\">\n\t\t\t\t\t<div class=\"elementor-column elementor-col-100 elementor-top-column elementor-element elementor-element-722dd4c6\" data-id=\"722dd4c6\" data-element_type=\"column\" data-e-type=\"column\">\n\t\t\t<div class=\"elementor-widget-wrap elementor-element-populated\">\n\t\t\t\t\t\t<div class=\"elementor-element elementor-element-5087744a elementor-widget elementor-widget-heading\" data-id=\"5087744a\" data-element_type=\"widget\" data-e-type=\"widget\" data-widget_type=\"heading.default\">\n\t\t\t\t\t<h2 class=\"elementor-heading-title elementor-size-default\">KOMMENDE EVENTS<\/h2>\t\t\t\t<\/div>\n\t\t\t\t<div class=\"elementor-element elementor-element-41083b36 elementor-widget elementor-widget-text-editor\" data-id=\"41083b36\" data-element_type=\"widget\" data-e-type=\"widget\" data-widget_type=\"text-editor.default\">\n\t\t\t\t\t\t\t\t\t<p>Bes\u00f8g os p\u00e5 f\u00f8lgende internationale messer:<\/p>\n\t\t\t\t\t\t\t\t<\/div>\n\t\t\t\t\t<\/div>\n\t\t<\/div>\n\t\t\t\t\t<\/div>\n\t\t<\/section>\n\t\t\t\t<section data-particle_enable=\"false\" data-particle-mobile-disabled=\"false\" class=\"elementor-section elementor-top-section elementor-element elementor-element-5662b3e elementor-section-boxed elementor-section-height-default elementor-section-height-default\" data-id=\"5662b3e\" data-element_type=\"section\" data-e-type=\"section\">\n\t\t\t\t\t\t<div class=\"elementor-container elementor-column-gap-default\">\n\t\t\t\t\t<div class=\"elementor-column elementor-col-100 elementor-top-column elementor-element elementor-element-004bc41\" data-id=\"004bc41\" data-element_type=\"column\" data-e-type=\"column\">\n\t\t\t<div class=\"elementor-widget-wrap elementor-element-populated\">\n\t\t\t\t\t\t<div class=\"elementor-element elementor-element-09e08b2 elementor-widget elementor-widget-shortcode\" data-id=\"09e08b2\" data-element_type=\"widget\" data-e-type=\"widget\" data-widget_type=\"shortcode.default\">\n\t\t\t\t\t\t\t<div class=\"elementor-shortcode\"><div class=\"upcoming_events_softline\"><div class=\"upcoming_events_softline_single\"><img decoding=\"async\" src=\"https:\/\/softlinefurniture.com\/wp-content\/uploads\/2025\/06\/Billede-salone-del-mobile-2026-585x625-1.jpg\" alt=\"SALONE DEL MOBILE\" \/><div class=\"upcoming_events_softline_single_details\"><h2>SALONE DEL MOBILE<\/h2><p class=\"event_dates\">21. - 26. April 2026<\/p><p class=\"event_hall\">Pavillon: 18  Stand: D24<\/p><p class=\"event_address\">Milano, Italien<\/p><\/div><\/div><div class=\"upcoming_events_softline_single\"><img decoding=\"async\" src=\"https:\/\/softlinefurniture.com\/wp-content\/uploads\/2026\/02\/Billede-trends-and-traditions-2026-585x625-1.jpg\" alt=\"TRENDS &#038; TRADITIONS\" \/><div class=\"upcoming_events_softline_single_details\"><h2>TRENDS &#038; TRADITIONS<\/h2><p class=\"event_dates\">7. - 7. May 2026<\/p><p class=\"event_hall\">Stand: V45<\/p><p class=\"event_address\">K\u00f8benhavn, Danmark<\/p><\/div><\/div><div class=\"upcoming_events_softline_single\"><img decoding=\"async\" src=\"https:\/\/softlinefurniture.com\/wp-content\/uploads\/2025\/06\/Billede-3daysofdesign-2026-585x625-1.jpg\" alt=\"3DAYSOFDESIGN\" \/><div class=\"upcoming_events_softline_single_details\"><h2>3DAYSOFDESIGN<\/h2><p class=\"event_dates\">10. - 12. June 2026<\/p><p class=\"event_hall\">Onsdag \/ Torsdag \/ Fredag 08:00 - 18:00 700 m2 Pop-up showroom<\/p><p class=\"event_address\">PRESSEN: Vester Voldgade 33, 1552 K\u00f8benhavn, Danmark<\/p><\/div><\/div><div class=\"upcoming_events_softline_single\"><img decoding=\"async\" src=\"https:\/\/softlinefurniture.com\/wp-content\/uploads\/2025\/06\/Billede-Orgatec-2026-585x625-1.jpg\" alt=\"ORGATEC\" \/><div class=\"upcoming_events_softline_single_details\"><h2>ORGATEC<\/h2><p class=\"event_dates\">27. - 30. October 2026<\/p><p class=\"event_hall\">Hall 10.2 \/ Stand K041<\/p><p class=\"event_address\">K\u00f6ln, Tyskland<\/p><\/div><\/div><\/div><\/div>\n\t\t\t\t\t\t<\/div>\n\t\t\t\t\t<\/div>\n\t\t<\/div>\n\t\t\t\t\t<\/div>\n\t\t<\/section>\n\t\t\t\t<section data-particle_enable=\"false\" data-particle-mobile-disabled=\"false\" class=\"elementor-section elementor-top-section elementor-element elementor-element-dde221a elementor-section-boxed elementor-section-height-default elementor-section-height-default\" data-id=\"dde221a\" data-element_type=\"section\" data-e-type=\"section\">\n\t\t\t\t\t\t<div class=\"elementor-container elementor-column-gap-default\">\n\t\t\t\t\t<div class=\"elementor-column elementor-col-100 elementor-top-column elementor-element elementor-element-f5b999f\" data-id=\"f5b999f\" data-element_type=\"column\" data-e-type=\"column\">\n\t\t\t<div class=\"elementor-widget-wrap elementor-element-populated\">\n\t\t\t\t\t\t<div class=\"elementor-element elementor-element-7ccbb2a elementor-widget elementor-widget-text-editor\" data-id=\"7ccbb2a\" data-element_type=\"widget\" data-e-type=\"widget\" data-widget_type=\"text-editor.default\">\n\t\t\t\t\t\t\t\t\t<p>L\u00e6s mere om de messer, vi senest har v\u00e6ret p\u00e5:<\/p>\n\t\t\t\t\t\t\t\t<\/div>\n\t\t\t\t\t<\/div>\n\t\t<\/div>\n\t\t\t\t\t<\/div>\n\t\t<\/section>\n\t\t\t\t<section data-particle_enable=\"false\" data-particle-mobile-disabled=\"false\" class=\"elementor-section elementor-top-section elementor-element elementor-element-70cafe0 past_events elementor-section-boxed elementor-section-height-default elementor-section-height-default\" data-id=\"70cafe0\" data-element_type=\"section\" data-e-type=\"section\">\n\t\t\t\t\t\t<div class=\"elementor-container elementor-column-gap-default\">\n\t\t\t\t\t<div class=\"elementor-column elementor-col-100 elementor-top-column elementor-element elementor-element-cffe47c\" data-id=\"cffe47c\" data-element_type=\"column\" data-e-type=\"column\">\n\t\t\t<div class=\"elementor-widget-wrap elementor-element-populated\">\n\t\t\t\t\t\t<div class=\"elementor-element elementor-element-395e5ae elementor-widget elementor-widget-shortcode\" data-id=\"395e5ae\" data-element_type=\"widget\" data-e-type=\"widget\" data-widget_type=\"shortcode.default\">\n\t\t\t\t\t\t\t<div class=\"elementor-shortcode\"><div class=\"event-group\"><select class=\"years_of_event\"><option value=\"2026\">2026<\/option><option value=\"2025\">2025<\/option><option value=\"2024\">2024<\/option><option value=\"2023\">2023<\/option><option value=\"2022\">2022<\/option><option value=\"2020\">2020<\/option><option value=\"2019\">2019<\/option><option value=\"2018\">2018<\/option><\/select><h2>3DAYSOFDESIGN<\/h2><div class=\"year_event_softline 2025\"><div class=\"year_event_softline_row columns-2 bg_image_wrap\"><div class=\"year_event_softline_column bg_image\" style=\"background-image:url(https:\/\/softlinefurniture.com\/wp-content\/uploads\/2024\/09\/3daysofdesign-2025-softline-3.jpg);\"><\/div><div class=\"year_event_softline_column bg_image\" style=\"background-image:url(https:\/\/softlinefurniture.com\/wp-content\/uploads\/2024\/09\/3daysofdesign-2025-softline-1.jpg);\"><\/div><\/div><div class=\"year_event_softline_row columns-1-text\"><div class=\"year_event_softline_column bg_image\" style=\"background-image:url(https:\/\/softlinefurniture.com\/wp-content\/uploads\/2024\/09\/3daysofdesign-2025-softline-2-1.jpg);\"><\/div><div class=\"year_event_softline_column\"><p>&nbsp;<\/p>\n<p><strong>3daysofdesign 2025<\/strong><\/p>\n<p>De ikoniske omgivelser i PRESSEN, et tidligere avistrykkeri i hjertet af K\u00f8benhavn, var et perfekt match til udstillingen af vores nyeste designkollektion p\u00e5 den internationale designfestival 3daysofdesign 2025 i K\u00f8benhavn.<\/p>\n<p>Under festivalen oplevede SOFTLINE stor opm\u00e6rksomhed fra et bredt, internationalt publikum, der var interesseret i at opleve vores nyeste m\u00f8beldesigns og trendpalet, der s\u00e6tter brugeren i centrum.<\/p>\n<p>I l\u00f8bet af de tre sp\u00e6ndende dage deltog designelskere fra hele verden i inspirerende samtaler og m\u00f8der om vores m\u00f8belkollektioner i det fantastiske 700 m2 store SOFTLINE pop-up showroom.<\/p>\n<p>I tr\u00e5d med designfestivalens tema, KEEP IT REAL, pr\u00e6senterede SOFTLINE sin nye kollektion af designm\u00f8bler, der kombinerer komfort og funktionalitet til private hjem og offentlige rum.<\/p>\n<p>&nbsp;<\/p>\n<\/div><\/div><div class=\"year_event_softline_row columns-1 bg_image_wrap\"><div class=\"year_event_softline_column bg_image\" style=\"background-image:url(https:\/\/softlinefurniture.com\/wp-content\/uploads\/2024\/09\/3daysofdesign-2025-softline-4.jpg);\"><\/div><div class=\"year_event_softline_column bg_image\" style=\"background-image:url(https:\/\/softlinefurniture.com\/wp-content\/uploads\/2024\/09\/3daysofdesign-2025-softline-5-1.jpg);\"><\/div><\/div><\/div><div class=\"year_event_softline 2024\"><div class=\"year_event_softline_row columns-2 bg_image_wrap\"><div class=\"year_event_softline_column bg_image\" style=\"background-image:url(https:\/\/softlinefurniture.com\/wp-content\/uploads\/2023\/06\/softline-3daysofdesign-01.webp);\"><\/div><div class=\"year_event_softline_column bg_image\" style=\"background-image:url(https:\/\/softlinefurniture.com\/wp-content\/uploads\/2023\/06\/softline-3daysofdesign-02.webp);\"><\/div><\/div><div class=\"year_event_softline_row columns-1-text\"><div class=\"year_event_softline_column bg_image\" style=\"background-image:url(https:\/\/softlinefurniture.com\/wp-content\/uploads\/2023\/06\/softline-3daysofdesign-03.webp);\"><\/div><div class=\"year_event_softline_column\"><p>&nbsp;<\/p>\n<p><strong>3daysofdesign 2024<\/strong><\/p>\n<p>Under the headline <strong>Crafting Design Icons<\/strong>, SOFTLINE in June 2024 joined the international design festival <strong>3daysofdesign<\/strong> in Copenhagen.<\/p>\n<p>During three amazing days lots of visitors joined inspiring meetings around our brand new design furniture collections and trend palette.<\/p>\n<p>The 700 m2 SOFTLINE pop-up showroom was transformed into an immersive installation, where nature, furniture and user became one.<\/p>\n<p>The authentic surroundings invited the audience to feel the joy of sensation, the thrill of touch, and the magic of materiality, and the beauty of our physical design furniture took center stage during the exhibition.<\/p>\n<p>&nbsp;<\/p>\n<\/div><\/div><div class=\"year_event_softline_row columns-1 bg_image_wrap\"><div class=\"year_event_softline_column bg_image\" style=\"background-image:url(https:\/\/softlinefurniture.com\/wp-content\/uploads\/2023\/06\/softline-3daysofdesign-04.webp);\"><\/div><div class=\"year_event_softline_column bg_image\" style=\"background-image:url(https:\/\/softlinefurniture.com\/wp-content\/uploads\/2023\/06\/softline-3daysofdesign-05.webp);\"><\/div><\/div><div class=\"year_event_softline_row columns-2 bg_image_wrap\"><div class=\"year_event_softline_column bg_image\" style=\"background-image:url(https:\/\/softlinefurniture.com\/wp-content\/uploads\/2023\/06\/softline-3daysofdesign-06.webp);\"><\/div><div class=\"year_event_softline_column bg_image\" style=\"background-image:url(https:\/\/softlinefurniture.com\/wp-content\/uploads\/2023\/06\/softline-3daysofdesign-07.webp);\"><\/div><\/div><\/div><div class=\"year_event_softline 2023\"><div class=\"year_event_softline_row columns-2 bg_image_wrap\"><div class=\"year_event_softline_column bg_image\" style=\"background-image:url(https:\/\/softlinefurniture.com\/wp-content\/uploads\/2023\/06\/img_7655_.jpg);\"><\/div><div class=\"year_event_softline_column bg_image\" style=\"background-image:url(https:\/\/softlinefurniture.com\/wp-content\/uploads\/2023\/06\/img_7685_.jpg);\"><\/div><\/div><div class=\"year_event_softline_row columns-1-text\"><div class=\"year_event_softline_column bg_image\" style=\"background-image:url(https:\/\/softlinefurniture.com\/wp-content\/uploads\/2023\/06\/img_7611_.jpg);\"><\/div><div class=\"year_event_softline_column\"><p>SOFTLINE pr\u00e6senterede sin helt nye m\u00f8belkollektion under 3 DAYS OF DESIGN festivalen 2023 i K\u00f8benhavn. SOFTLINE pop-up showroom i det r\u00e5 og rustikke event venue PRESSEN p\u00e5 Vester Voldgade 33 i det centrale K\u00f8benhavn blev forvandlet til et inspirerende designunivers fyldt med nye udgivelser. Blandt SOFTLINE m\u00f8bellanceringer var den nye &#8216;JOE&#8217; serie af bl\u00f8de, fleksible m\u00f8bler baseret p\u00e5 st\u00e6rke former, geometriske kurver og klare linjer. Vores anden nyhed \u2019VISTA\u2019 er den f\u00f8rste lancering fra en helt ny polsterserie, som med gennemf\u00f8rt og komfortabelt design vil kunne tilfredsstille alle seating-behov p\u00e5 tv\u00e6rs af virksomheden, forretningen eller hjemmet \u2013 uden at g\u00e5 p\u00e5 kompromis med hverken \u00e6stetik eller funktionalitet. Sidste nyhed vores \u2019CLUB\u2019 sofa som er designet med enkelthed og anvendelighed i tankerne og vil forvandle ethvert udend\u00f8rs eller indend\u00f8rs rum takket v\u00e6re dens enkle modul\u00e6re karakter og dets holdbare materialer.<\/p>\n<p>Nye og sp\u00e6ndende tekstiler og farver kunne og pr\u00e6senteres. De er n\u00f8je udvalgt til at inspirere og som giver mulighed for at lade kreativiteten f\u00e5 frit spil og finde den blanding af m\u00f8bler, stof og stil, der matcher din vision.<\/p>\n<\/div><\/div><div class=\"year_event_softline_row columns-3 bg_image_wrap\"><div class=\"year_event_softline_column bg_image\" style=\"background-image:url(https:\/\/softlinefurniture.com\/wp-content\/uploads\/2023\/06\/img_7638_.jpg);\"><\/div><div class=\"year_event_softline_column bg_image\" style=\"background-image:url(https:\/\/softlinefurniture.com\/wp-content\/uploads\/2023\/06\/img_7644_.jpg);\"><\/div><div class=\"year_event_softline_column bg_image\" style=\"background-image:url(https:\/\/softlinefurniture.com\/wp-content\/uploads\/2023\/06\/img_7668_.jpg);\"><\/div><\/div><\/div><\/div><div class=\"event-group\"><select class=\"years_of_event\"><option value=\"2026\">2026<\/option><option value=\"2025\">2025<\/option><option value=\"2024\">2024<\/option><option value=\"2023\">2023<\/option><option value=\"2022\">2022<\/option><option value=\"2020\">2020<\/option><option value=\"2019\">2019<\/option><option value=\"2018\">2018<\/option><\/select><h2>SALONE DEL MOBILE<\/h2><div class=\"year_event_softline 2025\"><div class=\"year_event_softline_row columns-2 bg_image_wrap\"><div class=\"year_event_softline_column bg_image\" style=\"background-image:url(https:\/\/softlinefurniture.com\/wp-content\/uploads\/2024\/09\/softline-salone-del-mobile-2025-1.webp);\"><\/div><div class=\"year_event_softline_column bg_image\" style=\"background-image:url(https:\/\/softlinefurniture.com\/wp-content\/uploads\/2024\/09\/softline-salone-del-mobile-2025-2.webp);\"><\/div><\/div><div class=\"year_event_softline_row columns-1-text\"><div class=\"year_event_softline_column bg_image\" style=\"background-image:url(https:\/\/softlinefurniture.com\/wp-content\/uploads\/2024\/09\/softline-salone-del-mobile-2025-3.webp);\"><\/div><div class=\"year_event_softline_column\"><p>&nbsp;<\/p>\n<p><strong>Salone del Mobile 2025<\/strong><\/p>\n<p>Sikke en uge p\u00e5 Salone del Mobile 2025 i Milano. Hundredvis af bes\u00f8gende fra hele verden kom forbi vores stand for at se de nyeste SOFTLINE-m\u00f8beldesigns og -innovationer.<br \/>\nHvert bes\u00f8g og hver udveksling af ideer gjorde standen levende. Vi omsatte ordene p\u00e5 SOFTLINE&#8217;s <a href=\"https:\/\/softline.b-cdn.net\/wp-content\/uploads\/2025\/04\/MOODBOARD-2025_DIGITAL.pdf\" target=\"_blank\" rel=\"noopener\">moodboard<\/a> til handling ved at vise, at design er for mennesker.<\/p>\n<p>Vores drivkraft er at forst\u00e5, hvordan vi lever, bev\u00e6ger os og forbinder os. Derfor blev SOFTLINE-udstillingen i Milano skabt med brugeren i tankerne. Vi sikrer, at m\u00f8bler ikke bare eksisterer som et fysisk produkt, men aktivt forbedrer den m\u00e5de, vi opfatter og oplever et rum p\u00e5.<\/p>\n<p>En stor tak til alle, der delte denne fantastiske oplevelse med os.<\/p>\n<p>&nbsp;<\/p>\n<\/div><\/div><div class=\"year_event_softline_row columns-1 bg_image_wrap\"><div class=\"year_event_softline_column bg_image\" style=\"background-image:url(https:\/\/softlinefurniture.com\/wp-content\/uploads\/2024\/09\/softline-salone-del-mobile-2025-4.webp);\"><\/div><div class=\"year_event_softline_column bg_image\" style=\"background-image:url(https:\/\/softlinefurniture.com\/wp-content\/uploads\/2024\/09\/softline-salone-del-mobile-2025-5.webp);\"><\/div><\/div><\/div><div class=\"year_event_softline 2024\"><div class=\"year_event_softline_row columns-2 bg_image_wrap\"><div class=\"year_event_softline_column bg_image\" style=\"background-image:url(https:\/\/softlinefurniture.com\/wp-content\/uploads\/2022\/06\/softline-salone-del-mobile-2024-01.webp);\"><\/div><div class=\"year_event_softline_column bg_image\" style=\"background-image:url(https:\/\/softlinefurniture.com\/wp-content\/uploads\/2022\/06\/softline-salone-del-mobile-2024-02.webp);\"><\/div><\/div><div class=\"year_event_softline_row columns-1-text\"><div class=\"year_event_softline_column bg_image\" style=\"background-image:url(https:\/\/softlinefurniture.com\/wp-content\/uploads\/2022\/06\/softline-salone-del-mobile-2024-03b.webp);\"><\/div><div class=\"year_event_softline_column\"><p>&nbsp;<\/p>\n<p><strong>Salone del Mobile 2024<\/strong><\/p>\n<p>Med Introducering af 2024-moodboard- og stofudvalg inviterede SOFTLINE-standen p\u00e5 Salone del Mobile 2024 bes\u00f8gende til en autentisk oplevelse, hvor det digitale faldt i baggrunden, og sk\u00f8nheden i det fysiske kom i centrum.<\/p>\n<p>Den nye SOFTLINE-kollektion, der er udarbejdet med omhu og kurateret med lidenskab, opmuntrede publikum til at genopdage det attraktive ved enkelhed, elegancen af \u200b\u200bautenticitet og kraften i h\u00e5ndgribelige oplevelser.<\/p>\n<p>Udstillingen kredsede om tre trendy farvetemaer: pulserende urbane farver pr\u00e6get af kontrast, de beroligende nuancer af havinspireret turkis og gr\u00f8nt, og den indbydende varme fra jordn\u00e6re terracotta-toner.<\/p>\n<p>&nbsp;<\/p>\n<\/div><\/div><div class=\"year_event_softline_row columns-1 bg_image_wrap\"><div class=\"year_event_softline_column bg_image\" style=\"background-image:url(https:\/\/softlinefurniture.com\/wp-content\/uploads\/2022\/06\/softline-salone-del-mobile-2024-04.webp);\"><\/div><div class=\"year_event_softline_column bg_image\" style=\"background-image:url(https:\/\/softlinefurniture.com\/wp-content\/uploads\/2022\/06\/softline-salone-del-mobile-2024-05c.webp);\"><\/div><\/div><div class=\"year_event_softline_row columns-2 bg_image_wrap\"><div class=\"year_event_softline_column bg_image\" style=\"background-image:url(https:\/\/softlinefurniture.com\/wp-content\/uploads\/2022\/06\/softline-salone-del-mobile-2024-06.webp);\"><\/div><div class=\"year_event_softline_column bg_image\" style=\"background-image:url(https:\/\/softlinefurniture.com\/wp-content\/uploads\/2022\/06\/softline-salone-del-mobile-2024-07.webp);\"><\/div><\/div><\/div><div class=\"year_event_softline 2023\"><div class=\"year_event_softline_row columns-2 bg_image_wrap\"><div class=\"year_event_softline_column bg_image\" style=\"background-image:url(https:\/\/softlinefurniture.com\/wp-content\/uploads\/2023\/05\/salone-del-mobile-milan-2023-softline-furniture-01-v2.jpg);\"><\/div><div class=\"year_event_softline_column bg_image\" style=\"background-image:url(https:\/\/softlinefurniture.com\/wp-content\/uploads\/2023\/05\/salone-del-mobile-milan-2023-softline-furniture-02.jpg);\"><\/div><\/div><div class=\"year_event_softline_row columns-1-text\"><div class=\"year_event_softline_column bg_image\" style=\"background-image:url(https:\/\/softlinefurniture.com\/wp-content\/uploads\/2023\/05\/salone-del-mobile-milan-2023-softline-furniture-03.jpg);\"><\/div><div class=\"year_event_softline_column\"><p>Til Salone del Mobile i Milano i 2023 pr\u00e6senterede vi en n\u00f8je udvalgt del af SOFTLINEs stilfulde, funktionelleprodukter og stoffer, som alle er designet til at v\u00e6kke en f\u00f8lelse af komfort, selvtillid og ro.<\/p>\n<p>Uanset om det er m\u00f8bler til stuen, lobbyen eller kontoret, smelter produkterne i SOFTLINE-kollektionen sammen i et rent og ensartet udtryk og skaber en behagelig f\u00f8lelse af at v\u00e6re hjemme, uanset hvor du er.<\/p>\n<\/div><\/div><div class=\"year_event_softline_row columns-1 bg_image_wrap\"><div class=\"year_event_softline_column bg_image\" style=\"background-image:url(https:\/\/softlinefurniture.com\/wp-content\/uploads\/2023\/05\/salone-del-mobile-milan-2023-softline-furniture-04.jpg);\"><\/div><div class=\"year_event_softline_column bg_image\" style=\"background-image:url(https:\/\/softlinefurniture.com\/wp-content\/uploads\/2023\/05\/salone-del-mobile-milan-2023-softline-furniture-05.jpg);\"><\/div><\/div><div class=\"year_event_softline_row columns-2 bg_image_wrap\"><div class=\"year_event_softline_column bg_image\" style=\"background-image:url(https:\/\/softlinefurniture.com\/wp-content\/uploads\/2023\/05\/salone-del-mobile-milan-2023-softline-furniture-06.jpg);\"><\/div><div class=\"year_event_softline_column bg_image\" style=\"background-image:url(https:\/\/softlinefurniture.com\/wp-content\/uploads\/2023\/05\/salone-del-mobile-milan-2023-softline-furniture-07.jpg);\"><\/div><\/div><\/div><div class=\"year_event_softline 2022\"><div class=\"year_event_softline_row columns-2 bg_image_wrap\"><div class=\"year_event_softline_column bg_image\" style=\"background-image:url(https:\/\/softlinefurniture.com\/wp-content\/uploads\/2022\/06\/salone-del-mobile-22-03.jpg);\"><\/div><div class=\"year_event_softline_column bg_image\" style=\"background-image:url(https:\/\/softlinefurniture.com\/wp-content\/uploads\/2022\/06\/salone-del-mobile-22-01.jpg);\"><\/div><\/div><div class=\"year_event_softline_row columns-1-text\"><div class=\"year_event_softline_column bg_image\" style=\"background-image:url(https:\/\/softlinefurniture.com\/wp-content\/uploads\/2022\/06\/salone-del-mobile-2022-10.jpg);\"><\/div><div class=\"year_event_softline_column\"><p>P\u00e5 messen i Milano lancerede SOFTLINE et nyt designkoncept med nye loungestole, sovesofaer, et alkovesystem og en ny form for telefonboks.<\/p>\n<p>Desuden pr\u00e6senterede SOFTLINE en lang r\u00e6kke nye og sp\u00e6ndende tekstiler og farver &#8211; n\u00f8je udvalgt til at inspirere dig, s\u00e5 kreativiteten kan f\u00e5 frit spil, og du kan skabe et udtryk med m\u00f8blerne, der passer pr\u00e6cis til din specifikke vision for indretningen.<\/p>\n<\/div><\/div><div class=\"year_event_softline_row columns-1 bg_image_wrap\"><div class=\"year_event_softline_column bg_image\" style=\"background-image:url(https:\/\/softlinefurniture.com\/wp-content\/uploads\/2022\/06\/salone-del-mobile-22-07.jpg);\"><\/div><div class=\"year_event_softline_column bg_image\" style=\"background-image:url(https:\/\/softlinefurniture.com\/wp-content\/uploads\/2022\/06\/salone-del-mobile-22-02.jpg);\"><\/div><\/div><div class=\"year_event_softline_row columns-2 bg_image_wrap\"><div class=\"year_event_softline_column bg_image\" style=\"background-image:url(https:\/\/softlinefurniture.com\/wp-content\/uploads\/2022\/06\/salone-del-mobile-22-06.jpg);\"><\/div><div class=\"year_event_softline_column bg_image\" style=\"background-image:url(https:\/\/softlinefurniture.com\/wp-content\/uploads\/2022\/06\/salone-del-mobile-22-05-1.jpg);\"><\/div><\/div><\/div><div class=\"year_event_softline 2019\"><div class=\"year_event_softline_row columns-2 bg_image_wrap\"><div class=\"year_event_softline_column bg_image\" style=\"background-image:url(https:\/\/softlinefurniture.com\/wp-content\/uploads\/2020\/07\/salone-del-mobile-2019-02.jpg);\"><\/div><div class=\"year_event_softline_column bg_image\" style=\"background-image:url(https:\/\/softlinefurniture.com\/wp-content\/uploads\/2020\/07\/salone-del-mobile-2019-03.jpg);\"><\/div><\/div><div class=\"year_event_softline_row columns-1-text\"><div class=\"year_event_softline_column bg_image\" style=\"background-image:url(https:\/\/softlinefurniture.com\/wp-content\/uploads\/2020\/07\/salone-del-mobile-2019-04.jpg);\"><\/div><div class=\"year_event_softline_column\"><p>I \u00e5r vil det ikke kun v\u00e6re de nye m\u00f8beldesigns, der inspirerer og overrasker. Ogs\u00e5 standen vil v\u00e6re udformet i inspirerende arkitektoniske rammer, hvor to niveauer forenes af trapper og ramper, mens fritst\u00e5ende skillev\u00e6gge i forskellige h\u00f8jder skaber selvst\u00e6ndige milj\u00f8er, der stadig er en del af helheden.<\/p>\n<p>Disse udstillingsomr\u00e5der bliver hver is\u00e6r inddelt i \u00e9n af de tre nye hovedfarver \u201cStraw\u201d, \u201cCactus\u201d og \u201cHibiscus\u201d, der ogs\u00e5 er udgangspunktet for m\u00f8blerne, hvor farverne bruges i forskellige toneh\u00f8jder og teksturer. Helst\u00f8bt, elegant og vision\u00e6rt.<\/p>\n<\/div><\/div><div class=\"year_event_softline_row columns-3 bg_image_wrap\"><div class=\"year_event_softline_column bg_image\" style=\"background-image:url(https:\/\/softlinefurniture.com\/wp-content\/uploads\/2020\/07\/salone-del-mobile-2019-06.jpg);\"><\/div><div class=\"year_event_softline_column bg_image\" style=\"background-image:url(https:\/\/softlinefurniture.com\/wp-content\/uploads\/2020\/07\/salone-del-mobile-2019-05.jpg);\"><\/div><div class=\"year_event_softline_column bg_image\" style=\"background-image:url(https:\/\/softlinefurniture.com\/wp-content\/uploads\/2020\/07\/salone-del-mobile-2019-08.jpg);\"><\/div><\/div><\/div><div class=\"year_event_softline 2018\"><div class=\"year_event_softline_row columns-2 bg_image_wrap\"><div class=\"year_event_softline_column bg_image\" style=\"background-image:url(https:\/\/softlinefurniture.com\/wp-content\/uploads\/2020\/07\/salone-del-mobile-2018-02.jpg);\"><\/div><div class=\"year_event_softline_column bg_image\" style=\"background-image:url(https:\/\/softlinefurniture.com\/wp-content\/uploads\/2020\/07\/salone-del-mobile-2018-01.jpg);\"><\/div><\/div><div class=\"year_event_softline_row columns-1-text\"><div class=\"year_event_softline_column bg_image\" style=\"background-image:url(https:\/\/softlinefurniture.com\/wp-content\/uploads\/2020\/07\/salone-del-mobile-2018-03.jpg);\"><\/div><div class=\"year_event_softline_column\"><p>Det er med gl\u00e6de, at vi kan pr\u00e6sentere en r\u00e6kke nye og sp\u00e6ndende designprodukter 2018: loungestole, en modulsofa, pufs og borde. For at inspirere dig bliver kollektionen vist i en interessant farvepalette i afstemte stillehavsfarver i tr\u00e5d med \u00e5rets tendenser, der skaber en luftig, \u00e6rlig og harmonisk ramme at leve i.<\/p>\n<p>Hos SOFTLINE udvikler og editerer vi l\u00f8bende vores produktportef\u00f8lje, og vi arbejder p\u00e5 at skabe de perfekte m\u00f8bler, der matcher den tid vi lever i. M\u00f8bler der taler designets forenende sprog p\u00e5 tv\u00e6rs af landegr\u00e6nser, og som passer ind i alle typer hjem og offentlige rum.<\/p>\n<p>Vi h\u00e5ber, at du vil bliver inspireret af de innovative designm\u00f8bler blandt nyhederne 2018 i nye b\u00e6redygtige stoffer, materialer og interessante farver.<\/p>\n<\/div><\/div><div class=\"year_event_softline_row columns-1 bg_image_wrap\"><div class=\"year_event_softline_column bg_image\" style=\"background-image:url(https:\/\/softlinefurniture.com\/wp-content\/uploads\/2020\/07\/salone-del-mobile-2018-05.jpg);\"><\/div><div class=\"year_event_softline_column bg_image\" style=\"background-image:url(https:\/\/softlinefurniture.com\/wp-content\/uploads\/2020\/07\/salone-del-mobile-2018-06.jpg);\"><\/div><\/div><div class=\"year_event_softline_row columns-2 bg_image_wrap\"><div class=\"year_event_softline_column bg_image\" style=\"background-image:url(https:\/\/softlinefurniture.com\/wp-content\/uploads\/2020\/07\/salone-del-mobile-2018-07.jpg);\"><\/div><div class=\"year_event_softline_column bg_image\" style=\"background-image:url(https:\/\/softlinefurniture.com\/wp-content\/uploads\/2020\/07\/salone-del-mobile-2018-08.jpg);\"><\/div><\/div><\/div><\/div><div class=\"event-group\"><select class=\"years_of_event\"><option value=\"2026\">2026<\/option><option value=\"2025\">2025<\/option><option value=\"2024\">2024<\/option><option value=\"2023\">2023<\/option><option value=\"2022\">2022<\/option><option value=\"2020\">2020<\/option><option value=\"2019\">2019<\/option><option value=\"2018\">2018<\/option><\/select><h2>WORKSPACE EXPO<\/h2><div class=\"year_event_softline 2025\"><div class=\"year_event_softline_row columns-2 bg_image_wrap\"><div class=\"year_event_softline_column bg_image\" style=\"background-image:url(https:\/\/softlinefurniture.com\/wp-content\/uploads\/2024\/10\/softline-workspace-expo-2025-1.webp);\"><\/div><div class=\"year_event_softline_column bg_image\" style=\"background-image:url(https:\/\/softlinefurniture.com\/wp-content\/uploads\/2024\/10\/softline-workspace-expo-2025-2.webp);\"><\/div><\/div><div class=\"year_event_softline_row columns-1-text\"><div class=\"year_event_softline_column bg_image\" style=\"background-image:url(https:\/\/softlinefurniture.com\/wp-content\/uploads\/2024\/10\/softline-workspace-expo-2025-3.webp);\"><\/div><div class=\"year_event_softline_column\"><p>&nbsp;<\/p>\n<p><strong>WORKSPACE EXPO 2025<\/strong><\/p>\n<p>Workspace Expo Paris er den f\u00f8rende messe for m\u00f8bler og arbejdspladser i Europa, og i l\u00f8bet af 2025-udgaven pr\u00e6senterede SOFTLINE en bred vifte af nye, fleksible m\u00f8belkoncepter til nutidige arbejdsrum i nye og milj\u00f8venlige materialer, inspirerende farver og innovativ stil.<\/p>\n<p>Arrangementet b\u00f8d p\u00e5 fremragende netv\u00e6rksmuligheder, og hundredvis af internationale bes\u00f8gende m\u00f8dtes med SOFTLINE-teamet til pr\u00e6sentationer og samtaler om vores nyeste designm\u00f8bler og innovationer, der tager arbejdspladser til n\u00e6ste niveau.<\/p>\n<p>Merci, Paris!<\/p>\n<p>&nbsp;<\/p>\n<\/div><\/div><div class=\"year_event_softline_row columns-1 bg_image_wrap\"><div class=\"year_event_softline_column bg_image\" style=\"background-image:url(https:\/\/softlinefurniture.com\/wp-content\/uploads\/2024\/10\/softline-workspace-expo-2025-4.webp);\"><\/div><div class=\"year_event_softline_column bg_image\" style=\"background-image:url(https:\/\/softlinefurniture.com\/wp-content\/uploads\/2024\/10\/softline-workspace-expo-2025-5.webp);\"><\/div><\/div><\/div><\/div><div class=\"event-group\"><select class=\"years_of_event\"><option value=\"2026\">2026<\/option><option value=\"2025\">2025<\/option><option value=\"2024\">2024<\/option><option value=\"2023\">2023<\/option><option value=\"2022\">2022<\/option><option value=\"2020\">2020<\/option><option value=\"2019\">2019<\/option><option value=\"2018\">2018<\/option><\/select><h2>MAISON &#038; OBJET<\/h2><div class=\"year_event_softline 2025\"><div class=\"year_event_softline_row columns-2 bg_image_wrap\"><div class=\"year_event_softline_column bg_image\" style=\"background-image:url(https:\/\/softlinefurniture.com\/wp-content\/uploads\/2024\/09\/softline-maison-objet-2025-01.webp);\"><\/div><div class=\"year_event_softline_column bg_image\" style=\"background-image:url(https:\/\/softlinefurniture.com\/wp-content\/uploads\/2024\/09\/softline-maison-objet-2025-02.webp);\"><\/div><\/div><div class=\"year_event_softline_row columns-1-text\"><div class=\"year_event_softline_column bg_image\" style=\"background-image:url(https:\/\/softlinefurniture.com\/wp-content\/uploads\/2024\/09\/softline-maison-objet-2025-03.webp);\"><\/div><div class=\"year_event_softline_column\"><p>&nbsp;<\/p>\n<p><strong>Maison&amp;Objet 2025<\/strong><\/p>\n<p style=\"font-weight: 400;\">Maison&amp;Objet 2025, en f\u00f8rende global begivenhed for professionelle inden for design- og livsstilsindustrien, den 16.-20. januar 2025 i Paris, udgjorde endnu en international platform for promovering af SOFTLINE designm\u00f8bler.<\/p>\n<p style=\"font-weight: 400;\">Hundredvis af internationale bes\u00f8gende deltog i pr\u00e6sentationer og samtaler med teamet p\u00e5 SOFTLINE messestanden, hvilket satte gang i nye forretningsmuligheder og kreativ interaktion med repr\u00e6sentanter fra verdens dekorations-, design- og livsstilssamfund<\/p>\n<p><span style=\"font-weight: 400;\">P\u00e5 den overbevisende SOFTLINE messestand blev en bred vifte af nye, fleksible m\u00f8belkoncepter i nye og milj\u00f8venlige materialer, inspirerende farver og innovativ stil pr\u00e6senteret.<\/span><\/p>\n<p>&nbsp;<\/p>\n<\/div><\/div><div class=\"year_event_softline_row columns-1 bg_image_wrap\"><div class=\"year_event_softline_column bg_image\" style=\"background-image:url(https:\/\/softlinefurniture.com\/wp-content\/uploads\/2024\/09\/softline-maison-objet-2025-04.webp);\"><\/div><div class=\"year_event_softline_column bg_image\" style=\"background-image:url(https:\/\/softlinefurniture.com\/wp-content\/uploads\/2024\/09\/softline-maison-objet-2025-05.webp);\"><\/div><\/div><\/div><div class=\"year_event_softline 2024\"><div class=\"year_event_softline_row columns-2 bg_image_wrap\"><div class=\"year_event_softline_column bg_image\" style=\"background-image:url(https:\/\/softlinefurniture.com\/wp-content\/uploads\/2024\/01\/softline-m-oj-24-001.webp);\"><\/div><div class=\"year_event_softline_column bg_image\" style=\"background-image:url(https:\/\/softlinefurniture.com\/wp-content\/uploads\/2024\/01\/softline-m-oj-24-002.webp);\"><\/div><\/div><div class=\"year_event_softline_row columns-1-text\"><div class=\"year_event_softline_column bg_image\" style=\"background-image:url(https:\/\/softlinefurniture.com\/wp-content\/uploads\/2024\/01\/softline-m-oj-24-003.webp);\"><\/div><div class=\"year_event_softline_column\"><p>&nbsp;<\/p>\n<p><strong>Maison &amp; Objet 2024<\/strong><\/p>\n<p>P\u00e5 SOFTLINE-standen p\u00e5 Maison &amp; Objet 2024 i Paris blev udstillet en r\u00e6kke sp\u00e6ndende design-nyheder og et bredt udvalg af inspirerende m\u00f8bler, der er skabt til at tilf\u00f8re b\u00e5de funktionalitet, fleksibilitet og \u00e6stetisk v\u00e6rdi til private hjem samt i arbejds- og kontorlokaler.<\/p>\n<p>&nbsp;<\/p>\n<\/div><\/div><div class=\"year_event_softline_row columns-1 bg_image_wrap\"><div class=\"year_event_softline_column bg_image\" style=\"background-image:url(https:\/\/softlinefurniture.com\/wp-content\/uploads\/2024\/01\/softline-m-oj-24-004.webp);\"><\/div><div class=\"year_event_softline_column bg_image\" style=\"background-image:url(https:\/\/softlinefurniture.com\/wp-content\/uploads\/2024\/01\/softline-m-oj-24-005.webp);\"><\/div><\/div><div class=\"year_event_softline_row columns-2 bg_image_wrap\"><div class=\"year_event_softline_column bg_image\" style=\"background-image:url(https:\/\/softlinefurniture.com\/wp-content\/uploads\/2024\/01\/softline-m-oj-24-006.webp);\"><\/div><div class=\"year_event_softline_column bg_image\" style=\"background-image:url(https:\/\/softlinefurniture.com\/wp-content\/uploads\/2024\/01\/softline-m-oj-24-007.webp);\"><\/div><\/div><\/div><div class=\"year_event_softline 2023\"><div class=\"year_event_softline_row columns-2 bg_image_wrap\"><div class=\"year_event_softline_column bg_image\" style=\"background-image:url(https:\/\/softlinefurniture.com\/wp-content\/uploads\/2023\/01\/L5A0380.jpg);\"><\/div><div class=\"year_event_softline_column bg_image\" style=\"background-image:url(https:\/\/softlinefurniture.com\/wp-content\/uploads\/2023\/01\/L5A0302.jpg);\"><\/div><\/div><div class=\"year_event_softline_row columns-1-text\"><div class=\"year_event_softline_column bg_image\" style=\"background-image:url(https:\/\/softlinefurniture.com\/wp-content\/uploads\/2023\/01\/L5A0291.jpg);\"><\/div><div class=\"year_event_softline_column\"><p>SOFTLINE-standen p\u00e5 Maison&amp;Objet 2023 omfattede et bredt udvalg af nye, inspirerende m\u00f8bler, der er skabt til at tilf\u00f8re b\u00e5de funktionalitet, fleksibilitet og \u00e6stetisk v\u00e6rdi til private hjem samt i offentlige rum. M\u00f8belnyhederne og de eksisterende SOFTLINE-klassikere blev vist b\u00e5de i farver fuld af energi og i mere neutrale farver med varme, rolige undertoner. Farvepaletten og de nye stofkvaliteter er valgt for at vise de mange, mange muligheder for polstring, der findes i SOFTLINEs kollektion, og som giver mulighed for at lade kreativiteten f\u00e5 frit spil og give m\u00f8blerne et udtryk, der passer til den private designstil eller matcher identitet og v\u00e6rdier i virksomheder og organisationer.<\/p>\n<\/div><\/div><div class=\"year_event_softline_row columns-1 bg_image_wrap\"><div class=\"year_event_softline_column bg_image\" style=\"background-image:url(https:\/\/softlinefurniture.com\/wp-content\/uploads\/2023\/01\/L5A0248.jpg);\"><\/div><div class=\"year_event_softline_column bg_image\" style=\"background-image:url(https:\/\/softlinefurniture.com\/wp-content\/uploads\/2023\/01\/L5A0334.jpg);\"><\/div><\/div><div class=\"year_event_softline_row columns-2 bg_image_wrap\"><div class=\"year_event_softline_column bg_image\" style=\"background-image:url(https:\/\/softlinefurniture.com\/wp-content\/uploads\/2023\/01\/L5A0307-02.jpg);\"><\/div><div class=\"year_event_softline_column bg_image\" style=\"background-image:url(https:\/\/softlinefurniture.com\/wp-content\/uploads\/2023\/01\/L5A0751-02.jpg);\"><\/div><\/div><\/div><div class=\"year_event_softline 2020\"><div class=\"year_event_softline_row columns-2 bg_image_wrap\"><div class=\"year_event_softline_column bg_image\" style=\"background-image:url(https:\/\/softlinefurniture.com\/wp-content\/uploads\/2020\/07\/2020-maison-and-objet-07.jpg);\"><\/div><div class=\"year_event_softline_column bg_image\" style=\"background-image:url(https:\/\/softlinefurniture.com\/wp-content\/uploads\/2020\/07\/2020-maison-and-objet-06.jpg);\"><\/div><\/div><div class=\"year_event_softline_row columns-1-text\"><div class=\"year_event_softline_column bg_image\" style=\"background-image:url(https:\/\/softlinefurniture.com\/wp-content\/uploads\/2020\/07\/2020-maison-and-objet-05.jpg);\"><\/div><div class=\"year_event_softline_column\"><p>I \u00e5r er SOFTLINEs stand til messerne IMM Cologne og Maison &amp; Objet Paris designet af spanske Bamb\u00fa Studio, som har skabt en minimalistisk og \u00e5ben stand, der giver plads til m\u00f8blerne, s\u00e5 de smukke designlinjer f\u00e5r fuldt fokus.<\/p>\n<p>Man vil opleve, at man ubesv\u00e6ret kan bev\u00e6ge sig rundt mellem de forskellige omr\u00e5der p\u00e5 standen, mens m\u00f8blernes farver, former og stoffer \u00e6ndrer sig og skaber nye stemninger &#8211; uden at et bestemt milj\u00f8 dikteres. P\u00e5 den m\u00e5de kan de bes\u00f8gende selv begynde at t\u00e6nke kreativt og forestille sig m\u00f8blerne i nye, sp\u00e6ndende sammenh\u00e6nge, der giver mening for dem. Kort sagt skal m\u00f8blerne fort\u00e6lle deres egen historie og invitere til en dialog med de bes\u00f8gende.<\/p>\n<p>M\u00f8belnyhederne og de eksisterende SOFTLINE-klassikere vil b\u00e5de blive vist i farver fuld af energi, som selvlysende gul og klar r\u00f8d, og i mere neutrale farver med varme, rolige undertoner. Farvepaletten og de nye stofkvaliteter er valgt for at vise de mange, mange muligheder for polstring, der findes i SOFTLINEs kollektion, og som giver mulighed for at lade kreativiteten f\u00e5 frit spil og give m\u00f8blerne et udtryk, der passer til ens helt egen designvision.<\/p>\n<\/div><\/div><div class=\"year_event_softline_row columns-1 bg_image_wrap\"><div class=\"year_event_softline_column bg_image\" style=\"background-image:url(https:\/\/softlinefurniture.com\/wp-content\/uploads\/2020\/07\/2020-maison-and-objet-03.jpg);\"><\/div><div class=\"year_event_softline_column bg_image\" style=\"background-image:url(https:\/\/softlinefurniture.com\/wp-content\/uploads\/2020\/07\/2020-maison-and-objet-04.jpg);\"><\/div><\/div><div class=\"year_event_softline_row columns-2 bg_image_wrap\"><div class=\"year_event_softline_column bg_image\" style=\"background-image:url(https:\/\/softlinefurniture.com\/wp-content\/uploads\/2020\/07\/2020-maison-and-objet-02.jpg);\"><\/div><div class=\"year_event_softline_column bg_image\" style=\"background-image:url(https:\/\/softlinefurniture.com\/wp-content\/uploads\/2020\/07\/2020-maison-and-objet-01.jpg);\"><\/div><\/div><\/div><div class=\"year_event_softline 2019\"><div class=\"year_event_softline_row columns-2 bg_image_wrap\"><div class=\"year_event_softline_column bg_image\" style=\"background-image:url(https:\/\/softlinefurniture.com\/wp-content\/uploads\/2020\/07\/j19-soft-line-today-002.jpg);\"><\/div><div class=\"year_event_softline_column bg_image\" style=\"background-image:url(https:\/\/softlinefurniture.com\/wp-content\/uploads\/2020\/07\/j19-soft-line-today-007.jpg);\"><\/div><\/div><div class=\"year_event_softline_row columns-1-text\"><div class=\"year_event_softline_column bg_image\" style=\"background-image:url(https:\/\/softlinefurniture.com\/wp-content\/uploads\/2020\/07\/j19-soft-line-today-005.jpg);\"><\/div><div class=\"year_event_softline_column\"><p>SOFTLINEs stand p\u00e5 Maison &amp; Objet 2019 i Paris bliver et inspirerende studie i farver, former og rumfornemmelse. Rent arkitektonisk f\u00e5r standen i \u00e5r tre \u00e5bne sider, men den vil blive opfattet som \u00e5ben fra alle fire sider ved hj\u00e6lp af spejlflader i udsk\u00e6ringerne p\u00e5 bagv\u00e6ggen. Baggrunden f\u00e5r en dybbl\u00e5 farve, som skaber en b\u00e5de intim og elegant ramme for dette \u00e5rs palet af douchede gr\u00f8nne, r\u00f8dlige og naturinspirerede farver.<\/p>\n<p>Den bes\u00f8gendes opm\u00e6rksomhed vil naturligt blive fanget af de sp\u00e6ndende, asymmetrisk konstruerede udstillingsomr\u00e5der, som hver is\u00e6r pr\u00e6senterer en r\u00e6kke forskellige m\u00f8bler i samme farvetoner \u2013 men i forskellige materialer og teksturer. Dette skaber en tydelig r\u00f8d tr\u00e5d i udstillingens forskellige omr\u00e5der, mens de designm\u00e6ssige detaljer i hvert enkelt m\u00f8bel virkelig kommer til sin ret.<\/p>\n<\/div><\/div><div class=\"year_event_softline_row columns-1 bg_image_wrap\"><div class=\"year_event_softline_column bg_image\" style=\"background-image:url(https:\/\/softlinefurniture.com\/wp-content\/uploads\/2020\/07\/j19-soft-line-today-004.jpg);\"><\/div><div class=\"year_event_softline_column bg_image\" style=\"background-image:url(https:\/\/softlinefurniture.com\/wp-content\/uploads\/2020\/07\/j19-soft-line-today-003.jpg);\"><\/div><\/div><div class=\"year_event_softline_row columns-2 bg_image_wrap\"><div class=\"year_event_softline_column bg_image\" style=\"background-image:url(https:\/\/softlinefurniture.com\/wp-content\/uploads\/2020\/07\/j19-soft-line-today-008.jpg);\"><\/div><div class=\"year_event_softline_column bg_image\" style=\"background-image:url(https:\/\/softlinefurniture.com\/wp-content\/uploads\/2020\/07\/j19-soft-line-today-006.jpg);\"><\/div><\/div><\/div><div class=\"year_event_softline 2018\"><div class=\"year_event_softline_row columns-2 bg_image_wrap\"><div class=\"year_event_softline_column bg_image\" style=\"background-image:url(https:\/\/softlinefurniture.com\/wp-content\/uploads\/2020\/07\/paris02.jpg);\"><\/div><div class=\"year_event_softline_column bg_image\" style=\"background-image:url(https:\/\/softlinefurniture.com\/wp-content\/uploads\/2020\/07\/paris03.jpg);\"><\/div><\/div><div class=\"year_event_softline_row columns-1-text\"><div class=\"year_event_softline_column bg_image\" style=\"background-image:url(https:\/\/softlinefurniture.com\/wp-content\/uploads\/2020\/07\/paris04.jpg);\"><\/div><div class=\"year_event_softline_column\"><p>Det er med gl\u00e6de, at vi kan pr\u00e6sentere en r\u00e6kke nye og sp\u00e6ndende designprodukter 2018: loungestole, en modulsofa, pufs og borde. For at inspirere dig bliver kollektionen vist i en interessant farvepalette i afstemte stillehavsfarver i tr\u00e5d med \u00e5rets tendenser, der skaber en luftig, \u00e6rlig og harmonisk ramme at leve i.<\/p>\n<p>Hos SOFTLINE udvikler og editerer vi l\u00f8bende vores produktportef\u00f8lje, og vi arbejder p\u00e5 at skabe de perfekte m\u00f8bler, der matcher den tid vi lever i. M\u00f8bler der taler designets forenende sprog p\u00e5 tv\u00e6rs af landegr\u00e6nser, og som passer ind i alle typer hjem og offentlige rum.<\/p>\n<p>Vi h\u00e5ber, at du vil bliver inspireret af de innovative designm\u00f8bler blandt nyhederne 2018 i nye b\u00e6redygtige stoffer, materialer og interessante farver.<\/p>\n<\/div><\/div><div class=\"year_event_softline_row columns-1 bg_image_wrap\"><div class=\"year_event_softline_column bg_image\" style=\"background-image:url(https:\/\/softlinefurniture.com\/wp-content\/uploads\/2020\/07\/paris05.jpg);\"><\/div><div class=\"year_event_softline_column bg_image\" style=\"background-image:url(https:\/\/softlinefurniture.com\/wp-content\/uploads\/2020\/07\/paris06.jpg);\"><\/div><\/div><div class=\"year_event_softline_row columns-2 bg_image_wrap\"><div class=\"year_event_softline_column bg_image\" style=\"background-image:url(https:\/\/softlinefurniture.com\/wp-content\/uploads\/2020\/07\/paris07.jpg);\"><\/div><div class=\"year_event_softline_column bg_image\" style=\"background-image:url(https:\/\/softlinefurniture.com\/wp-content\/uploads\/2020\/07\/paris08.jpg);\"><\/div><\/div><\/div><\/div><div class=\"event-group\"><select class=\"years_of_event\"><option value=\"2026\">2026<\/option><option value=\"2025\">2025<\/option><option value=\"2024\">2024<\/option><option value=\"2023\">2023<\/option><option value=\"2022\">2022<\/option><option value=\"2020\">2020<\/option><option value=\"2019\">2019<\/option><option value=\"2018\">2018<\/option><\/select><h2>ORGATEC<\/h2><div class=\"year_event_softline 2024\"><div class=\"year_event_softline_row columns-2 bg_image_wrap\"><div class=\"year_event_softline_column bg_image\" style=\"background-image:url(https:\/\/softlinefurniture.com\/wp-content\/uploads\/2023\/06\/softline-orgatec-2024-1b.webp);\"><\/div><div class=\"year_event_softline_column bg_image\" style=\"background-image:url(https:\/\/softlinefurniture.com\/wp-content\/uploads\/2023\/06\/softline-orgatec-2024-2b.webp);\"><\/div><\/div><div class=\"year_event_softline_row columns-1-text\"><div class=\"year_event_softline_column bg_image\" style=\"background-image:url(https:\/\/softlinefurniture.com\/wp-content\/uploads\/2023\/06\/softline-orgatec-2024-3b.webp);\"><\/div><div class=\"year_event_softline_column\"><p>&nbsp;<\/p>\n<p><strong>ORGATEC 2024<\/strong><\/p>\n<p>Den f\u00f8rende, internationale m\u00f8belmesse for indretning af fremtidens arbejdspladser, ORGATEC 2024 i K\u00f6ln den 22.-25. oktober 2024, b\u00f8d p\u00e5 en unik mulighed for at pr\u00e6sentere de nyeste SOFTLINE designm\u00f8bler til fremtidens arbejdspladser.<\/p>\n<p>Hundredvis af g\u00e6ster bes\u00f8gte i l\u00f8bet af messen SOFTLINE-standen til pr\u00e6sentation af en r\u00e6kke sp\u00e6ndende design-nyheder og samtaler med vores team om mulighederne for fleksible m\u00f8belkoncepter, der kan im\u00f8dekomme behovene p\u00e5 morgendagens arbejdspladser.<\/p>\n<p>P\u00e5 messen pr\u00e6senterede SOFTLINE et bredt udvalg af designm\u00f8bler, der er skabt med fokus p\u00e5 b\u00e5de funktionalitet, fleksibilitet og \u00e6stetisk v\u00e6rdi i arbejds- og kontorlokaler, og produceret af nye og milj\u00f8venlige materialer i inspirerende farver.<\/p>\n<p>&nbsp;<\/p>\n<\/div><\/div><div class=\"year_event_softline_row columns-1 bg_image_wrap\"><div class=\"year_event_softline_column bg_image\" style=\"background-image:url(https:\/\/softlinefurniture.com\/wp-content\/uploads\/2023\/06\/softline-orgatec-2024-4b.webp);\"><\/div><div class=\"year_event_softline_column bg_image\" style=\"background-image:url(https:\/\/softlinefurniture.com\/wp-content\/uploads\/2023\/06\/softline-orgatec-2024-5b.webp);\"><\/div><\/div><\/div><div class=\"year_event_softline 2022\"><div class=\"year_event_softline_row columns-2 bg_image_wrap\"><div class=\"year_event_softline_column bg_image\" style=\"background-image:url(https:\/\/softlinefurniture.com\/wp-content\/uploads\/2022\/10\/Orgatec-2022-01.jpg);\"><\/div><div class=\"year_event_softline_column bg_image\" style=\"background-image:url(https:\/\/softlinefurniture.com\/wp-content\/uploads\/2022\/11\/Orgatec-2022-08.jpg);\"><\/div><\/div><div class=\"year_event_softline_row columns-1-text\"><div class=\"year_event_softline_column bg_image\" style=\"background-image:url(https:\/\/softlinefurniture.com\/wp-content\/uploads\/2022\/10\/Orgatec-2022-06.jpg);\"><\/div><div class=\"year_event_softline_column\"><p>P\u00e5 ORGATEC lancerede SOFTLINE et bredt udvalg af nye inspirerende designs, der er skabt til b\u00e5de at tilf\u00f8re funktionalitet, fleksibilitet og \u00e6stetisk v\u00e6rdi til arbejds- og kontorlokaler rundt om i verden. Vi pr\u00e6senterede bl.a. en r\u00e6kke nye produkter, der er specielt designet til at skabe komfortable og hyggelige m\u00f8dezoner og &#8216;private rum&#8217; inden for moderne kontormilj\u00f8er &#8211; velegnet til et uformelt m\u00f8de, et fokuseret \u00f8jeblik f\u00f8r en vigtig opgave eller blot en fredelig kaffepause eller snak med en kollega.<\/p>\n<\/div><\/div><div class=\"year_event_softline_row columns-1 bg_image_wrap\"><div class=\"year_event_softline_column bg_image\" style=\"background-image:url(https:\/\/softlinefurniture.com\/wp-content\/uploads\/2022\/10\/Orgatec-2022-07.jpg);\"><\/div><div class=\"year_event_softline_column bg_image\" style=\"background-image:url(https:\/\/softlinefurniture.com\/wp-content\/uploads\/2022\/10\/Orgatec-2022-03.jpg);\"><\/div><\/div><\/div><div class=\"year_event_softline 2018\"><div class=\"year_event_softline_row columns-2 bg_image_wrap\"><div class=\"year_event_softline_column bg_image\" style=\"background-image:url(https:\/\/softlinefurniture.com\/wp-content\/uploads\/2020\/07\/orgatec-2018-01.jpg);\"><\/div><div class=\"year_event_softline_column bg_image\" style=\"background-image:url(https:\/\/softlinefurniture.com\/wp-content\/uploads\/2020\/07\/orgatec-2018-02.jpg);\"><\/div><\/div><div class=\"year_event_softline_row columns-1-text\"><div class=\"year_event_softline_column bg_image\" style=\"background-image:url(https:\/\/softlinefurniture.com\/wp-content\/uploads\/2020\/07\/orgatec-2018-03.jpg);\"><\/div><div class=\"year_event_softline_column\"><p>SOFTLINES stand p\u00e5 ORGATEC 2018 bliver et inspirerende studie i farver, former og rumfornemmelse. Rent arkitektonisk f\u00e5r standen i \u00e5r tre \u00e5bne sider, men den vil blive opfattet som \u00e5ben fra alle fire sider ved hj\u00e6lp af spejlflader i udsk\u00e6ringerne p\u00e5 bagv\u00e6ggen.<\/p>\n<p>Fritst\u00e5ende v\u00e6gge bliver placeret asymmetrisk og skaber udstillingsomr\u00e5der, der naturligt vil fange opm\u00e6rksomheden. Baggrunden f\u00e5r en dybbl\u00e5 farve, der kombineret med en m\u00f8rkegr\u00e5 farve p\u00e5 det kileformede baromr\u00e5de vil danne en intim og elegant setting for den aktuelle farvepalet i pudder, natur og sivgr\u00f8nne farver fra verdens f\u00f8rende stofleverand\u00f8rer.<\/p>\n<p>L\u00e6g i \u00e5r m\u00e6rke til stoffernes sp\u00e6ndende teksturer, der er med til at give m\u00f8blerne en ekstra taktil dimension. Og oplev hvordan sammenh\u00e6ng i materiale- og farvevalg kan fungere som en r\u00f8d tr\u00e5d mellem vidt forskellige m\u00f8beltyper, der ved siden af hinanden skaber en i\u00f8jefaldende og sp\u00e6ndende effekt i indretningen, n\u00e5r de er i samme toner.<\/p>\n<\/div><\/div><div class=\"year_event_softline_row columns-3 bg_image_wrap\"><div class=\"year_event_softline_column bg_image\" style=\"background-image:url(https:\/\/softlinefurniture.com\/wp-content\/uploads\/2020\/07\/orgatec-2018-04.jpg);\"><\/div><div class=\"year_event_softline_column bg_image\" style=\"background-image:url(https:\/\/softlinefurniture.com\/wp-content\/uploads\/2020\/07\/orgatec-2018-05.jpg);\"><\/div><div class=\"year_event_softline_column bg_image\" style=\"background-image:url(https:\/\/softlinefurniture.com\/wp-content\/uploads\/2020\/07\/orgatec-2018-06.jpg);\"><\/div><\/div><\/div><\/div><div class=\"event-group\"><select class=\"years_of_event\"><option value=\"2026\">2026<\/option><option value=\"2025\">2025<\/option><option value=\"2024\">2024<\/option><option value=\"2023\">2023<\/option><option value=\"2022\">2022<\/option><option value=\"2020\">2020<\/option><option value=\"2019\">2019<\/option><option value=\"2018\">2018<\/option><\/select><h2>CLERKENWELL DESIGN WEEK<\/h2><div class=\"year_event_softline 2023\"><div class=\"year_event_softline_row columns-2 bg_image_wrap\"><div class=\"year_event_softline_column bg_image\" style=\"background-image:url(https:\/\/softlinefurniture.com\/wp-content\/uploads\/2023\/02\/CDW_06-scaled.jpg);\"><\/div><div class=\"year_event_softline_column bg_image\" style=\"background-image:url(https:\/\/softlinefurniture.com\/wp-content\/uploads\/2023\/02\/CDW_05-scaled.jpg);\"><\/div><\/div><div class=\"year_event_softline_row columns-1-text\"><div class=\"year_event_softline_column bg_image\" style=\"background-image:url(https:\/\/softlinefurniture.com\/wp-content\/uploads\/2023\/02\/CDW_03-scaled.jpg);\"><\/div><div class=\"year_event_softline_column\"><p>&nbsp;<\/p>\n<p><strong>Clerkenwell Design Week 2023<\/strong><\/p>\n<p>I den unikke arkitektur, Paxton Locher House, ved Clerkenwell Design Week, kunne SOFTLINE pr\u00e6sentere sin helt nye m\u00f8belkollektion.<\/p>\n<p>Dette enest\u00e5ende hus repr\u00e6senterede perfekt SOFTLINEs passion for innovative l\u00f8sninger p\u00e5 unikke designudfordringer. Vores showroom var fyldt med nye m\u00f8bel udgivelser: loungestole, sofaer, modul\u00e6re sofaer, sovesofaer og endda et alkovesystem.<\/p>\n<p>&nbsp;<\/p>\n<\/div><\/div><div class=\"year_event_softline_row columns-1 bg_image_wrap\"><div class=\"year_event_softline_column bg_image\" style=\"background-image:url(https:\/\/softlinefurniture.com\/wp-content\/uploads\/2023\/02\/CDW_01-scaled.jpg);\"><\/div><div class=\"year_event_softline_column bg_image\" style=\"background-image:url(https:\/\/softlinefurniture.com\/wp-content\/uploads\/2023\/02\/CDW_02-scaled.jpg);\"><\/div><\/div><\/div><\/div><div class=\"event-group\"><select class=\"years_of_event\"><option value=\"2026\">2026<\/option><option value=\"2025\">2025<\/option><option value=\"2024\">2024<\/option><option value=\"2023\">2023<\/option><option value=\"2022\">2022<\/option><option value=\"2020\">2020<\/option><option value=\"2019\">2019<\/option><option value=\"2018\">2018<\/option><\/select><h2>IMM COLOGNE<\/h2><div class=\"year_event_softline 2020\"><div class=\"year_event_softline_row columns-2 bg_image_wrap\"><div class=\"year_event_softline_column bg_image\" style=\"background-image:url(https:\/\/softlinefurniture.com\/wp-content\/uploads\/2020\/07\/imm-cologne-2020-01.jpg);\"><\/div><div class=\"year_event_softline_column bg_image\" style=\"background-image:url(https:\/\/softlinefurniture.com\/wp-content\/uploads\/2020\/07\/imm-cologne-2020-02.jpg);\"><\/div><\/div><div class=\"year_event_softline_row columns-1-text\"><div class=\"year_event_softline_column bg_image\" style=\"background-image:url(https:\/\/softlinefurniture.com\/wp-content\/uploads\/2020\/07\/imm-cologne-2020-03.jpg);\"><\/div><div class=\"year_event_softline_column\"><p>&nbsp;<\/p>\n<p><strong>IMM Cologne 2020<\/strong><\/p>\n<p>I \u00e5r er SOFTLINEs stand til messerne IMM Cologne og Maison &amp; Objet Paris designet af spanske Bamb\u00fa Studio, som har skabt en minimalistisk og \u00e5ben stand, der giver plads til m\u00f8blerne, s\u00e5 de smukke designlinjer f\u00e5r fuldt fokus.<\/p>\n<p>Man vil opleve, at man ubesv\u00e6ret kan bev\u00e6ge sig rundt mellem de forskellige omr\u00e5der p\u00e5 standen, mens m\u00f8blernes farver, former og stoffer \u00e6ndrer sig og skaber nye stemninger &#8211; uden at et bestemt milj\u00f8 dikteres. P\u00e5 den m\u00e5de kan de bes\u00f8gende selv begynde at t\u00e6nke kreativt og forestille sig m\u00f8blerne i nye, sp\u00e6ndende sammenh\u00e6nge, der giver mening for dem. Kort sagt skal m\u00f8blerne fort\u00e6lle deres egen historie og invitere til en dialog med de bes\u00f8gende.<\/p>\n<p>M\u00f8belnyhederne og de eksisterende SOFTLINE-klassikere vil b\u00e5de blive vist i farver fuld af energi, som selvlysende gul og klar r\u00f8d, og i mere neutrale farver med varme, rolige undertoner. Farvepaletten og de nye stofkvaliteter er valgt for at vise de mange, mange muligheder for polstring, der findes i SOFTLINEs kollektion, og som giver mulighed for at lade kreativiteten f\u00e5 frit spil og give m\u00f8blerne et udtryk, der passer til ens helt egen designvision.<\/p>\n<p>&nbsp;<\/p>\n<\/div><\/div><div class=\"year_event_softline_row columns-1 bg_image_wrap\"><div class=\"year_event_softline_column bg_image\" style=\"background-image:url(https:\/\/softlinefurniture.com\/wp-content\/uploads\/2020\/07\/imm-cologne-2020-04.jpg);\"><\/div><div class=\"year_event_softline_column bg_image\" style=\"background-image:url(https:\/\/softlinefurniture.com\/wp-content\/uploads\/2020\/07\/imm-cologne-2020-05.jpg);\"><\/div><\/div><div class=\"year_event_softline_row columns-2 bg_image_wrap\"><div class=\"year_event_softline_column bg_image\" style=\"background-image:url(https:\/\/softlinefurniture.com\/wp-content\/uploads\/2020\/07\/imm-cologne-2020-06.jpg);\"><\/div><div class=\"year_event_softline_column bg_image\" style=\"background-image:url(https:\/\/softlinefurniture.com\/wp-content\/uploads\/2020\/07\/imm-cologne-2020-07.jpg);\"><\/div><\/div><\/div><div class=\"year_event_softline 2019\"><div class=\"year_event_softline_row columns-2 bg_image_wrap\"><div class=\"year_event_softline_column bg_image\" style=\"background-image:url(https:\/\/softlinefurniture.com\/wp-content\/uploads\/2020\/07\/imm-cologne-2019-01.jpg);\"><\/div><div class=\"year_event_softline_column bg_image\" style=\"background-image:url(https:\/\/softlinefurniture.com\/wp-content\/uploads\/2020\/07\/imm-cologne-2019-02.jpg);\"><\/div><\/div><div class=\"year_event_softline_row columns-1-text\"><div class=\"year_event_softline_column bg_image\" style=\"background-image:url(https:\/\/softlinefurniture.com\/wp-content\/uploads\/2020\/07\/imm-cologne-2019-03.jpg);\"><\/div><div class=\"year_event_softline_column\"><p>SOFTLINEs stand p\u00e5 IMM Cologne 2019 bliver et inspirerende studie i farver, former og rumfornemmelse. Rent arkitektonisk f\u00e5r standen i \u00e5r tre \u00e5bne sider, men den vil blive opfattet som \u00e5ben fra alle fire sider ved hj\u00e6lp af spejlflader i udsk\u00e6ringerne p\u00e5 bagv\u00e6ggen. Baggrunden f\u00e5r en dybbl\u00e5 farve, som skaber en b\u00e5de intim og elegant ramme for dette \u00e5rs palet af douchede gr\u00f8nne, r\u00f8dlige og naturinspirerede farver.<\/p>\n<p>Den bes\u00f8gendes opm\u00e6rksomhed vil naturligt blive fanget af de sp\u00e6ndende, asymmetrisk konstruerede udstillingsomr\u00e5der, som hver is\u00e6r pr\u00e6senterer en r\u00e6kke forskellige m\u00f8bler i samme farvetoner \u2013 men i forskellige materialer og teksturer. Dette skaber en tydelig r\u00f8d tr\u00e5d i udstillingens forskellige omr\u00e5der, mens de designm\u00e6ssige detaljer i hvert enkelt m\u00f8bel virkelig kommer til sin ret.<\/p>\n<\/div><\/div><div class=\"year_event_softline_row columns-1 bg_image_wrap\"><div class=\"year_event_softline_column bg_image\" style=\"background-image:url(https:\/\/softlinefurniture.com\/wp-content\/uploads\/2020\/07\/imm-cologne-2019-04.jpg);\"><\/div><div class=\"year_event_softline_column bg_image\" style=\"background-image:url(https:\/\/softlinefurniture.com\/wp-content\/uploads\/2020\/07\/imm-cologne-2019-05.jpg);\"><\/div><\/div><div class=\"year_event_softline_row columns-2 bg_image_wrap\"><div class=\"year_event_softline_column bg_image\" style=\"background-image:url(https:\/\/softlinefurniture.com\/wp-content\/uploads\/2020\/07\/imm-cologne-2019-06.jpg);\"><\/div><div class=\"year_event_softline_column bg_image\" style=\"background-image:url(https:\/\/softlinefurniture.com\/wp-content\/uploads\/2020\/07\/imm-cologne-2019-07.jpg);\"><\/div><\/div><\/div><div class=\"year_event_softline 2018\"><div class=\"year_event_softline_row columns-2 bg_image_wrap\"><div class=\"year_event_softline_column bg_image\" style=\"background-image:url(https:\/\/softlinefurniture.com\/wp-content\/uploads\/2020\/07\/imm-cologne-2018-06-scaled.jpg);\"><\/div><div class=\"year_event_softline_column bg_image\" style=\"background-image:url(https:\/\/softlinefurniture.com\/wp-content\/uploads\/2020\/07\/imm-cologne-2018-03-scaled.jpg);\"><\/div><\/div><div class=\"year_event_softline_row columns-1-text\"><div class=\"year_event_softline_column bg_image\" style=\"background-image:url(https:\/\/softlinefurniture.com\/wp-content\/uploads\/2020\/07\/imm-cologne-2018-01-scaled.jpg);\"><\/div><div class=\"year_event_softline_column\"><p>We are happy to announce that a number of exciting new design products for 2018 has just been released: lounge chairs, a modular sofa, poufs and tables. To inspire you, the new collection is presented in an interesting colour palette of balanced tones inspired by the Pacific Ocean in line with the current trends, creating an airy, honest and harmonic setting for living. At Softline we are constantly developing and editing our product portfolio, and we work to create the perfect furniture to match the time we are living in. Furniture that speaks the unifying language of design across the world and fits in all kinds of homes and public spaces. We hope that you will be inspired by the 2018 releases of innovative design furniture in new and eco-friendly fabrics, materials and interesting colours.<\/p>\n<\/div><\/div><div class=\"year_event_softline_row columns-1 bg_image_wrap\"><div class=\"year_event_softline_column bg_image\" style=\"background-image:url(https:\/\/softlinefurniture.com\/wp-content\/uploads\/2020\/07\/imm-cologne-2018-05-scaled.jpg);\"><\/div><div class=\"year_event_softline_column bg_image\" style=\"background-image:url(https:\/\/softlinefurniture.com\/wp-content\/uploads\/2020\/07\/imm-cologne-2018-08-scaled.jpg);\"><\/div><\/div><div class=\"year_event_softline_row columns-2 bg_image_wrap\"><div class=\"year_event_softline_column bg_image\" style=\"background-image:url(https:\/\/softlinefurniture.com\/wp-content\/uploads\/2020\/07\/imm-cologne-2018-07-scaled.jpg);\"><\/div><div class=\"year_event_softline_column bg_image\" style=\"background-image:url(https:\/\/softlinefurniture.com\/wp-content\/uploads\/2020\/07\/imm-cologne-2018-04-scaled.jpg);\"><\/div><\/div><\/div><\/div><\/div>\n\t\t\t\t\t\t<\/div>\n\t\t\t\t\t<\/div>\n\t\t<\/div>\n\t\t\t\t\t<\/div>\n\t\t<\/section>\n\t\t\t\t<\/div>\n\t\t","protected":false},"excerpt":{"rendered":"<p>Events \/ Messer KOMMENDE EVENTS Bes\u00f8g os p\u00e5 f\u00f8lgende internationale messer: L\u00e6s mere om de messer, vi senest har v\u00e6ret p\u00e5:<\/p>\n","protected":false},"author":1,"featured_media":0,"parent":0,"menu_order":0,"comment_status":"closed","ping_status":"closed","template":"elementor_header_footer","meta":{"_acf_changed":false,"footnotes":""},"class_list":["post-15549","page","type-page","status-publish","hentry"],"acf":[],"_links":{"self":[{"href":"https:\/\/softlinefurniture.com\/da\/wp-json\/wp\/v2\/pages\/15549","targetHints":{"allow":["GET"]}}],"collection":[{"href":"https:\/\/softlinefurniture.com\/da\/wp-json\/wp\/v2\/pages"}],"about":[{"href":"https:\/\/softlinefurniture.com\/da\/wp-json\/wp\/v2\/types\/page"}],"author":[{"embeddable":true,"href":"https:\/\/softlinefurniture.com\/da\/wp-json\/wp\/v2\/users\/1"}],"replies":[{"embeddable":true,"href":"https:\/\/softlinefurniture.com\/da\/wp-json\/wp\/v2\/comments?post=15549"}],"version-history":[{"count":0,"href":"https:\/\/softlinefurniture.com\/da\/wp-json\/wp\/v2\/pages\/15549\/revisions"}],"wp:attachment":[{"href":"https:\/\/softlinefurniture.com\/da\/wp-json\/wp\/v2\/media?parent=15549"}],"curies":[{"name":"wp","href":"https:\/\/api.w.org\/{rel}","templated":true}]}}